{"id":55,"date":"2018-03-09T19:55:03","date_gmt":"2018-03-09T19:55:03","guid":{"rendered":"http:\/\/www.enlanet.com\/portal\/?page_id=55"},"modified":"2018-03-13T17:22:23","modified_gmt":"2018-03-13T17:22:23","slug":"reparacion-de-portatiles-en-alicante","status":"publish","type":"page","link":"https:\/\/www.enlanet.com\/portal\/index.php\/reparacion-de-portatiles-en-alicante\/","title":{"rendered":"Reparaci\u00f3n de port\u00e1tiles en Alicante"},"content":{"rendered":"<h1 style=\"text-align: center;\"><span style=\"font-family: arial, helvetica, sans-serif;\"><strong>REPARACI\u00d3N DE PORT\u00c1TILES EN ALICANTE<\/strong><\/span><\/h1>\n<p><img loading=\"lazy\" decoding=\"async\" class=\"aligncenter wp-image-94 size-large\" title=\"reparaci\u00f3n de port\u00e1tiles en Alicante\" src=\"http:\/\/www.enlanet.com\/portal\/wp-content\/uploads\/2018\/03\/reparacion-portatiles-alicante-1024x303.gif\" alt=\"Reparacion port\u00e1tiles alicante\" width=\"1024\" height=\"303\" srcset=\"https:\/\/www.enlanet.com\/portal\/wp-content\/uploads\/2018\/03\/reparacion-portatiles-alicante-1024x303.gif 1024w, https:\/\/www.enlanet.com\/portal\/wp-content\/uploads\/2018\/03\/reparacion-portatiles-alicante-300x89.gif 300w, https:\/\/www.enlanet.com\/portal\/wp-content\/uploads\/2018\/03\/reparacion-portatiles-alicante-768x227.gif 768w\" sizes=\"auto, (max-width: 1024px) 100vw, 1024px\" \/><\/p>\n<hr \/>\n<p><span style=\"color: #000000; font-family: arial, helvetica, sans-serif;\"><strong>EnlaNET sistemas<\/strong>\u00a0lleva m\u00e1s de 20 a\u00f1os prestando su servicio de reparaci\u00f3n de port\u00e1tiles en Alicante, solucionando todo tipo de aver\u00edas en, tanto de las principales marcas del mercado: Toshiba, Sony, Acer, Fujitsu, Lenovo, Packard Bell, Dell, Hewllet Packard, Samsung, LG, Asus, como de las marcas secundarias o basadas en barebones como Airis, Hundyx, MSI, Qualcom, etc.<\/span><\/p>\n<p><span style=\"color: #000000; font-family: arial, helvetica, sans-serif;\">Todas las reparaciones se llevan a cabo en nuestro taller, sin que su equipo salga en ning\u00fan momento de nuestras instalaciones.<\/span><\/p>\n<p><span style=\"color: #000000; font-family: arial, helvetica, sans-serif;\">Los presupuestos son gratuitos.<\/span><\/p>\n<p><strong><span style=\"color: #000000; font-family: arial, helvetica, sans-serif;\">Causas m\u00e1s comunes de rotura:<\/span><\/strong><\/p>\n<p><span style=\"color: #000000; font-family: arial, helvetica, sans-serif;\">Derrame de l\u00edquido sobre el teclado.<\/span><\/p>\n<p><span style=\"color: #000000; font-family: arial, helvetica, sans-serif;\">Ca\u00edda del port\u00e1til<\/span><\/p>\n<p><span style=\"color: #000000; font-family: arial, helvetica, sans-serif;\">Falta de ventilaci\u00f3n y limpieza<\/span><\/p>\n<p><span style=\"color: #000000; font-family: arial, helvetica, sans-serif;\">Equipos con fallos de dise\u00f1o de f\u00e1brica.<\/span><\/p>\n<p><span style=\"color: #000000; font-family: arial, helvetica, sans-serif;\">Problemas de temperatura<\/span><\/p>\n<p><strong><span style=\"color: #000000; font-family: arial, helvetica, sans-serif;\">Aver\u00edas:<\/span><\/strong><\/p>\n<p><span style=\"color: #000000; font-family: arial, helvetica, sans-serif;\">Rotura de pantalla en Alicante<\/span><\/p>\n<p><span style=\"color: #000000; font-family: arial, helvetica, sans-serif;\">Rotura de placa base en Alicante<\/span><\/p>\n<p><span style=\"color: #000000; font-family: arial, helvetica, sans-serif;\">Rotura de tarjeta gr\u00e1fica en Alicante<\/span><\/p>\n<p><span style=\"color: #000000; font-family: arial, helvetica, sans-serif;\">Problemas de temperatura en Alicante<\/span><\/p>\n<p><span style=\"color: #000000; font-family: arial, helvetica, sans-serif;\">Rotura de bisagras en Alicante<\/span><\/p>\n<p><span style=\"color: #000000; font-family: arial, helvetica, sans-serif;\">Rotura del conector de alimentaci\u00f3n o el propio alimentador.<\/span><\/p>\n<p><span style=\"color: #000000; font-family: arial, helvetica, sans-serif;\">Rotura de disco duro en Alicante<\/span><\/p>\n<p><span style=\"color: #000000; font-family: arial, helvetica, sans-serif;\">Rotura de unidad \u00f3ptica (cd-rom, dvd-rom, dvd-rw) en Alicante<\/span><\/p>\n<p><span style=\"color: #000000; font-family: arial, helvetica, sans-serif;\">Reinstalaci\u00f3n sistema operativo en Alicante<\/span><\/p>\n<p><span style=\"color: #000000; font-family: arial, helvetica, sans-serif;\">Limpieza de virus y spyware en Alicante<\/span><\/p>\n<p><span style=\"color: #000000; font-family: arial, helvetica, sans-serif;\">Rotura del cable de video en Alicante<\/span><\/p>\n<p>&nbsp;<\/p>\n<p><span style=\"color: #000000; font-family: arial, helvetica, sans-serif;\"><strong>Trabajamos con la mayor\u00eda de marcas del mercado.<\/strong><\/span><\/p>\n<p><span style=\"color: #000000; font-family: arial, helvetica, sans-serif;\">Reparaci\u00f3n Port\u00e1til\u00a0 Samsung en Alicante<\/span><\/p>\n<p><span style=\"color: #000000; font-family: arial, helvetica, sans-serif;\">Reparaci\u00f3n Port\u00e1til\u00a0 Acer en Alicante<\/span><\/p>\n<p><span style=\"color: #000000; font-family: arial, helvetica, sans-serif;\">Reparaci\u00f3n Port\u00e1til\u00a0 HP en Alicante<\/span><\/p>\n<p><span style=\"color: #000000; font-family: arial, helvetica, sans-serif;\">Reparaci\u00f3n Port\u00e1til\u00a0 Toshiba en Alicante<\/span><\/p>\n<p><span style=\"color: #000000; font-family: arial, helvetica, sans-serif;\">Reparaci\u00f3n Port\u00e1til\u00a0 Asus en Alicante<\/span><\/p>\n<p><span style=\"color: #000000; font-family: arial, helvetica, sans-serif;\">Reparaci\u00f3n Port\u00e1til\u00a0 Vaio en Alicante<\/span><\/p>\n<p><span style=\"color: #000000; font-family: arial, helvetica, sans-serif;\">Reparaci\u00f3n Port\u00e1til\u00a0 Airis en Alicante<\/span><\/p>\n<p><span style=\"color: #000000; font-family: arial, helvetica, sans-serif;\">Reparaci\u00f3n Port\u00e1til\u00a0 Lenovo en Alicante<\/span><\/p>\n<p><span style=\"color: #000000; font-family: arial, helvetica, sans-serif;\">Reparaci\u00f3n Port\u00e1til\u00a0 IBM en Alicante<\/span><\/p>\n","protected":false},"excerpt":{"rendered":"<p>REPARACI\u00d3N DE PORT\u00c1TILES EN ALICANTE EnlaNET sistemas\u00a0lleva m\u00e1s de 20 a\u00f1os prestando su servicio de reparaci\u00f3n de port\u00e1tiles en Alicante, solucionando todo tipo de aver\u00edas en, tanto de las principales marcas del mercado: Toshiba, Sony, Acer, Fujitsu, Lenovo, Packard Bell, Dell, Hewllet Packard, Samsung, LG, Asus, como de las marcas secundarias o basadas en barebones&hellip;<\/p>\n<p class=\"more-link\"><a href=\"https:\/\/www.enlanet.com\/portal\/index.php\/reparacion-de-portatiles-en-alicante\/\" class=\"themebutton2\">Leer m\u00e1s<\/a><\/p>\n","protected":false},"author":1,"featured_media":0,"parent":0,"menu_order":0,"comment_status":"closed","ping_status":"closed","template":"","meta":{"footnotes":""},"categories":[],"tags":[],"class_list":["post-55","page","type-page","status-publish","hentry"],"_links":{"self":[{"href":"https:\/\/www.enlanet.com\/portal\/index.php\/wp-json\/wp\/v2\/pages\/55","targetHints":{"allow":["GET"]}}],"collection":[{"href":"https:\/\/www.enlanet.com\/portal\/index.php\/wp-json\/wp\/v2\/pages"}],"about":[{"href":"https:\/\/www.enlanet.com\/portal\/index.php\/wp-json\/wp\/v2\/types\/page"}],"author":[{"embeddable":true,"href":"https:\/\/www.enlanet.com\/portal\/index.php\/wp-json\/wp\/v2\/users\/1"}],"replies":[{"embeddable":true,"href":"https:\/\/www.enlanet.com\/portal\/index.php\/wp-json\/wp\/v2\/comments?post=55"}],"version-history":[{"count":10,"href":"https:\/\/www.enlanet.com\/portal\/index.php\/wp-json\/wp\/v2\/pages\/55\/revisions"}],"predecessor-version":[{"id":245,"href":"https:\/\/www.enlanet.com\/portal\/index.php\/wp-json\/wp\/v2\/pages\/55\/revisions\/245"}],"wp:attachment":[{"href":"https:\/\/www.enlanet.com\/portal\/index.php\/wp-json\/wp\/v2\/media?parent=55"}],"wp:term":[{"taxonomy":"category","embeddable":true,"href":"https:\/\/www.enlanet.com\/portal\/index.php\/wp-json\/wp\/v2\/categories?post=55"},{"taxonomy":"post_tag","embeddable":true,"href":"https:\/\/www.enlanet.com\/portal\/index.php\/wp-json\/wp\/v2\/tags?post=55"}],"curies":[{"name":"wp","href":"https:\/\/api.w.org\/{rel}","templated":true}]}}