{"id":344,"date":"2023-03-15T12:40:59","date_gmt":"2023-03-15T12:40:59","guid":{"rendered":"http:\/\/www.enlanet.com\/portal\/?page_id=344"},"modified":"2023-03-15T13:18:01","modified_gmt":"2023-03-15T13:18:01","slug":"accesorios-informaticos-ergonomicos","status":"publish","type":"page","link":"https:\/\/www.enlanet.com\/portal\/index.php\/accesorios-informaticos-ergonomicos\/","title":{"rendered":"Accesorios Inform\u00e1ticos Ergon\u00f3micos en Alicante"},"content":{"rendered":"<p><span style=\"font-family: arial, helvetica, sans-serif; color: #000000; font-size: 14pt;\">Los accesorios inform\u00e1ticos ergon\u00f3micos son aquellos que se adaptan a la forma y el movimiento del cuerpo humano, facilitando el trabajo y evitando lesiones o molestias.\u00a0Desde <strong>Enla<span style=\"color: #ff0000;\">NET<\/span><\/strong> Sistemas les ofrecemos accesorios inform\u00e1ticos ergon\u00f3micos en Alicante: sillones, alfombrillas, reposamu\u00f1ecas, reposapi\u00e9s, soportes para el port\u00e1til, teclados y los ratones.\u00a0Estos accesorios ergon\u00f3micos en Alicante pueden beneficiar la salud al prevenir problemas de espalda, cuello, mu\u00f1eca o antebrazo, aliviar la presi\u00f3n sobre la cadera, reducir la tensi\u00f3n muscular y la fatiga visual.<\/span><\/p>\n<p>&nbsp;<\/p>\n<table class=\" aligncenter\" style=\"border-collapse: collapse; width: 77.7066%; height: 913px;\">\n<tbody>\n<tr style=\"height: 112px;\">\n<td style=\"width: 15.4371%; height: 112px;\"><a href=\"http:\/\/www.enlanet.com\/portal\/wp-content\/uploads\/2023\/03\/sill\u00f3n-oficina-ergon\u00f3mico-alicante-mini.jpg\"><img loading=\"lazy\" decoding=\"async\" class=\"aligncenter wp-image-349\" title=\"sill\u00f3n oficina ergon\u00f3mico alicante \" src=\"http:\/\/www.enlanet.com\/portal\/wp-content\/uploads\/2023\/03\/sill\u00f3n-oficina-ergon\u00f3mico-alicante-mini-150x150.jpg\" alt=\"sill\u00f3n oficina ergon\u00f3mico alicante \" width=\"120\" height=\"120\" srcset=\"https:\/\/www.enlanet.com\/portal\/wp-content\/uploads\/2023\/03\/sill\u00f3n-oficina-ergon\u00f3mico-alicante-mini-150x150.jpg 150w, https:\/\/www.enlanet.com\/portal\/wp-content\/uploads\/2023\/03\/sill\u00f3n-oficina-ergon\u00f3mico-alicante-mini-300x300.jpg 300w, https:\/\/www.enlanet.com\/portal\/wp-content\/uploads\/2023\/03\/sill\u00f3n-oficina-ergon\u00f3mico-alicante-mini-80x80.jpg 80w, https:\/\/www.enlanet.com\/portal\/wp-content\/uploads\/2023\/03\/sill\u00f3n-oficina-ergon\u00f3mico-alicante-mini-380x380.jpg 380w, https:\/\/www.enlanet.com\/portal\/wp-content\/uploads\/2023\/03\/sill\u00f3n-oficina-ergon\u00f3mico-alicante-mini-285x285.jpg 285w, https:\/\/www.enlanet.com\/portal\/wp-content\/uploads\/2023\/03\/sill\u00f3n-oficina-ergon\u00f3mico-alicante-mini.jpg 500w\" sizes=\"auto, (max-width: 120px) 100vw, 120px\" \/><\/a><\/td>\n<td style=\"width: 84.5629%; height: 112px; vertical-align: middle; text-align: left;\"><span style=\"font-size: 18pt; color: #000000;\"><strong><span style=\"font-family: arial, helvetica, sans-serif;\">\u00a0SILLONES ERGON\u00d3MICOS EN ALICANTE<\/span><\/strong><\/span><\/td>\n<\/tr>\n<tr style=\"height: 126px;\">\n<td style=\"width: 15.4371%; height: 126px;\">\u00a0<a href=\"http:\/\/www.enlanet.com\/portal\/wp-content\/uploads\/2023\/03\/alfombrilla-rat\u00f3n-ergon\u00f3mica-alicante-mini.png\"><img loading=\"lazy\" decoding=\"async\" class=\"aligncenter wp-image-350\" title=\"alfombrilla rat\u00f3n ergon\u00f3mica alicante\" src=\"http:\/\/www.enlanet.com\/portal\/wp-content\/uploads\/2023\/03\/alfombrilla-rat\u00f3n-ergon\u00f3mica-alicante-mini.png\" alt=\"alfombrilla rat\u00f3n ergon\u00f3mica alicante\" width=\"120\" height=\"120\" srcset=\"https:\/\/www.enlanet.com\/portal\/wp-content\/uploads\/2023\/03\/alfombrilla-rat\u00f3n-ergon\u00f3mica-alicante-mini.png 300w, https:\/\/www.enlanet.com\/portal\/wp-content\/uploads\/2023\/03\/alfombrilla-rat\u00f3n-ergon\u00f3mica-alicante-mini-150x150.png 150w, https:\/\/www.enlanet.com\/portal\/wp-content\/uploads\/2023\/03\/alfombrilla-rat\u00f3n-ergon\u00f3mica-alicante-mini-80x80.png 80w, https:\/\/www.enlanet.com\/portal\/wp-content\/uploads\/2023\/03\/alfombrilla-rat\u00f3n-ergon\u00f3mica-alicante-mini-285x285.png 285w\" sizes=\"auto, (max-width: 120px) 100vw, 120px\" \/><\/a><\/td>\n<td style=\"width: 84.5629%; height: 126px; border-color: #ffffff; background-color: #ffffff; border-style: hidden; vertical-align: middle; text-align: left;\"><span style=\"font-size: 18pt; color: #000000;\"><strong><span style=\"font-family: arial, helvetica, sans-serif;\">\u00a0ALFOMBRILLAS\u00a0ERGON\u00d3MICAS EN ALICANTE<\/span><\/strong><\/span><\/td>\n<\/tr>\n<tr style=\"height: 14px;\">\n<td style=\"width: 15.4371%; height: 14px;\"><a href=\"http:\/\/www.enlanet.com\/portal\/wp-content\/uploads\/2023\/03\/reposamu\u00f1ecas-ergonomico-alicante-mini.png\"><img loading=\"lazy\" decoding=\"async\" class=\"aligncenter wp-image-351\" title=\"reposamu\u00f1ecas ergon\u00f3mico alicante\" src=\"http:\/\/www.enlanet.com\/portal\/wp-content\/uploads\/2023\/03\/reposamu\u00f1ecas-ergonomico-alicante-mini.png\" alt=\"reposamu\u00f1ecas ergon\u00f3mico alicante\" width=\"120\" height=\"120\" srcset=\"https:\/\/www.enlanet.com\/portal\/wp-content\/uploads\/2023\/03\/reposamu\u00f1ecas-ergonomico-alicante-mini.png 300w, https:\/\/www.enlanet.com\/portal\/wp-content\/uploads\/2023\/03\/reposamu\u00f1ecas-ergonomico-alicante-mini-150x150.png 150w, https:\/\/www.enlanet.com\/portal\/wp-content\/uploads\/2023\/03\/reposamu\u00f1ecas-ergonomico-alicante-mini-80x80.png 80w, https:\/\/www.enlanet.com\/portal\/wp-content\/uploads\/2023\/03\/reposamu\u00f1ecas-ergonomico-alicante-mini-285x285.png 285w\" sizes=\"auto, (max-width: 120px) 100vw, 120px\" \/><\/a><\/td>\n<td style=\"width: 84.5629%; height: 14px; vertical-align: middle; text-align: left;\"><span style=\"font-size: 18pt; color: #000000;\"><strong><span style=\"font-family: arial, helvetica, sans-serif;\">\u00a0REPOSAMU\u00d1ECAS\u00a0ERGON\u00d3MICOS EN ALICANTE<\/span><\/strong><\/span><\/td>\n<\/tr>\n<tr style=\"height: 107px;\">\n<td style=\"width: 15.4371%; height: 107px;\"><a href=\"http:\/\/www.enlanet.com\/portal\/wp-content\/uploads\/2023\/03\/reposapies-ergonomico-alicante-mini.png\"><img loading=\"lazy\" decoding=\"async\" class=\"aligncenter wp-image-345\" title=\"reposapi\u00e9s ergonomico alicante\" src=\"http:\/\/www.enlanet.com\/portal\/wp-content\/uploads\/2023\/03\/reposapies-ergonomico-alicante-mini.png\" alt=\"reposapi\u00e9s ergonomico alicante\" width=\"120\" height=\"120\" srcset=\"https:\/\/www.enlanet.com\/portal\/wp-content\/uploads\/2023\/03\/reposapies-ergonomico-alicante-mini.png 300w, https:\/\/www.enlanet.com\/portal\/wp-content\/uploads\/2023\/03\/reposapies-ergonomico-alicante-mini-150x150.png 150w, https:\/\/www.enlanet.com\/portal\/wp-content\/uploads\/2023\/03\/reposapies-ergonomico-alicante-mini-80x80.png 80w, https:\/\/www.enlanet.com\/portal\/wp-content\/uploads\/2023\/03\/reposapies-ergonomico-alicante-mini-285x285.png 285w\" sizes=\"auto, (max-width: 120px) 100vw, 120px\" \/><\/a><\/td>\n<td style=\"width: 84.5629%; height: 107px; vertical-align: middle; text-align: left;\"><span style=\"font-size: 18pt; color: #000000;\"><strong><span style=\"font-family: arial, helvetica, sans-serif;\">\u00a0REPOSAPIES\u00a0ERGON\u00d3MICOS EN ALICANTE<\/span><\/strong><\/span><\/td>\n<\/tr>\n<tr style=\"height: 24px;\">\n<td style=\"width: 15.4371%; height: 24px;\"><a href=\"http:\/\/www.enlanet.com\/portal\/wp-content\/uploads\/2023\/03\/soporte-port\u00e1til-ergon\u00f3mico-alicante-mini.jpg\"><img loading=\"lazy\" decoding=\"async\" class=\"aligncenter wp-image-352\" title=\"SOPORTES PORT\u00c1TIL\u00a0ERGON\u00d3MICOS EN ALICANTE\" src=\"http:\/\/www.enlanet.com\/portal\/wp-content\/uploads\/2023\/03\/soporte-port\u00e1til-ergon\u00f3mico-alicante-mini.jpg\" alt=\"SOPORTES PORT\u00c1TIL\u00a0ERGON\u00d3MICOS EN ALICANTE\" width=\"120\" height=\"120\" srcset=\"https:\/\/www.enlanet.com\/portal\/wp-content\/uploads\/2023\/03\/soporte-port\u00e1til-ergon\u00f3mico-alicante-mini.jpg 500w, https:\/\/www.enlanet.com\/portal\/wp-content\/uploads\/2023\/03\/soporte-port\u00e1til-ergon\u00f3mico-alicante-mini-150x150.jpg 150w, https:\/\/www.enlanet.com\/portal\/wp-content\/uploads\/2023\/03\/soporte-port\u00e1til-ergon\u00f3mico-alicante-mini-300x300.jpg 300w, https:\/\/www.enlanet.com\/portal\/wp-content\/uploads\/2023\/03\/soporte-port\u00e1til-ergon\u00f3mico-alicante-mini-80x80.jpg 80w, https:\/\/www.enlanet.com\/portal\/wp-content\/uploads\/2023\/03\/soporte-port\u00e1til-ergon\u00f3mico-alicante-mini-380x380.jpg 380w, https:\/\/www.enlanet.com\/portal\/wp-content\/uploads\/2023\/03\/soporte-port\u00e1til-ergon\u00f3mico-alicante-mini-285x285.jpg 285w\" sizes=\"auto, (max-width: 120px) 100vw, 120px\" \/><\/a><\/td>\n<td style=\"width: 84.5629%; height: 24px; vertical-align: middle; text-align: left;\"><span style=\"font-size: 18pt; color: #000000;\"><strong><span style=\"font-family: arial, helvetica, sans-serif;\">\u00a0SOPORTES PORT\u00c1TIL\u00a0ERGON\u00d3MICOS EN ALICANTE<\/span><\/strong><\/span><\/td>\n<\/tr>\n<tr style=\"height: 24px;\">\n<td style=\"width: 15.4371%; height: 24px;\"><a href=\"http:\/\/www.enlanet.com\/portal\/wp-content\/uploads\/2023\/03\/teclado-ergonomico-alicante-mini.jpg\"><img loading=\"lazy\" decoding=\"async\" class=\"aligncenter wp-image-354\" title=\"teclado ergonomico alicante \" src=\"http:\/\/www.enlanet.com\/portal\/wp-content\/uploads\/2023\/03\/teclado-ergonomico-alicante-mini.jpg\" alt=\"teclado ergonomico alicante \" width=\"120\" height=\"120\" srcset=\"https:\/\/www.enlanet.com\/portal\/wp-content\/uploads\/2023\/03\/teclado-ergonomico-alicante-mini.jpg 500w, https:\/\/www.enlanet.com\/portal\/wp-content\/uploads\/2023\/03\/teclado-ergonomico-alicante-mini-150x150.jpg 150w, https:\/\/www.enlanet.com\/portal\/wp-content\/uploads\/2023\/03\/teclado-ergonomico-alicante-mini-300x300.jpg 300w, https:\/\/www.enlanet.com\/portal\/wp-content\/uploads\/2023\/03\/teclado-ergonomico-alicante-mini-80x80.jpg 80w, https:\/\/www.enlanet.com\/portal\/wp-content\/uploads\/2023\/03\/teclado-ergonomico-alicante-mini-380x380.jpg 380w, https:\/\/www.enlanet.com\/portal\/wp-content\/uploads\/2023\/03\/teclado-ergonomico-alicante-mini-285x285.jpg 285w\" sizes=\"auto, (max-width: 120px) 100vw, 120px\" \/><\/a><\/td>\n<td style=\"width: 84.5629%; height: 24px; vertical-align: middle; text-align: left;\"><span style=\"font-size: 18pt; color: #000000;\"><strong><span style=\"font-family: arial, helvetica, sans-serif;\">\u00a0TECLADOS\u00a0ERGON\u00d3MICOS EN ALICANTE<\/span><\/strong><\/span><\/td>\n<\/tr>\n<tr style=\"height: 24px;\">\n<td style=\"width: 15.4371%; height: 24px;\"><a href=\"http:\/\/www.enlanet.com\/portal\/wp-content\/uploads\/2023\/03\/rat\u00f3n-ergon\u00f3mico-alicante-mini.jpg\"><img loading=\"lazy\" decoding=\"async\" class=\"aligncenter wp-image-353\" title=\"rat\u00f3n ergon\u00f3mico alicante\" src=\"http:\/\/www.enlanet.com\/portal\/wp-content\/uploads\/2023\/03\/rat\u00f3n-ergon\u00f3mico-alicante-mini.jpg\" alt=\"rat\u00f3n ergon\u00f3mico alicante\" width=\"120\" height=\"120\" srcset=\"https:\/\/www.enlanet.com\/portal\/wp-content\/uploads\/2023\/03\/rat\u00f3n-ergon\u00f3mico-alicante-mini.jpg 500w, https:\/\/www.enlanet.com\/portal\/wp-content\/uploads\/2023\/03\/rat\u00f3n-ergon\u00f3mico-alicante-mini-150x150.jpg 150w, https:\/\/www.enlanet.com\/portal\/wp-content\/uploads\/2023\/03\/rat\u00f3n-ergon\u00f3mico-alicante-mini-300x300.jpg 300w, https:\/\/www.enlanet.com\/portal\/wp-content\/uploads\/2023\/03\/rat\u00f3n-ergon\u00f3mico-alicante-mini-80x80.jpg 80w, https:\/\/www.enlanet.com\/portal\/wp-content\/uploads\/2023\/03\/rat\u00f3n-ergon\u00f3mico-alicante-mini-380x380.jpg 380w, https:\/\/www.enlanet.com\/portal\/wp-content\/uploads\/2023\/03\/rat\u00f3n-ergon\u00f3mico-alicante-mini-285x285.jpg 285w\" sizes=\"auto, (max-width: 120px) 100vw, 120px\" \/><\/a><\/td>\n<td style=\"width: 84.5629%; height: 24px; vertical-align: middle; text-align: left;\"><span style=\"font-size: 18pt; color: #000000;\"><strong><span style=\"font-family: arial, helvetica, sans-serif;\">\u00a0RATONES\u00a0ERGON\u00d3MICOS EN ALICANTE<\/span><\/strong><\/span><\/td>\n<\/tr>\n<\/tbody>\n<\/table>\n<div class=\"mceTemp\"><\/div>\n<p>&nbsp;<\/p>\n<p>&nbsp;<\/p>\n<p>&nbsp;<\/p>\n<p>&nbsp;<\/p>\n","protected":false},"excerpt":{"rendered":"<p>Los accesorios inform\u00e1ticos ergon\u00f3micos son aquellos que se adaptan a la forma y el movimiento del cuerpo humano, facilitando el trabajo y evitando lesiones o molestias.\u00a0Desde EnlaNET Sistemas les ofrecemos accesorios inform\u00e1ticos ergon\u00f3micos en Alicante: sillones, alfombrillas, reposamu\u00f1ecas, reposapi\u00e9s, soportes para el port\u00e1til, teclados y los ratones.\u00a0Estos accesorios ergon\u00f3micos en Alicante pueden beneficiar la salud&hellip;<\/p>\n<p class=\"more-link\"><a href=\"https:\/\/www.enlanet.com\/portal\/index.php\/accesorios-informaticos-ergonomicos\/\" class=\"themebutton2\">Leer m\u00e1s<\/a><\/p>\n","protected":false},"author":1,"featured_media":0,"parent":0,"menu_order":0,"comment_status":"closed","ping_status":"closed","template":"","meta":{"footnotes":""},"categories":[],"tags":[],"class_list":["post-344","page","type-page","status-publish","hentry"],"_links":{"self":[{"href":"https:\/\/www.enlanet.com\/portal\/index.php\/wp-json\/wp\/v2\/pages\/344","targetHints":{"allow":["GET"]}}],"collection":[{"href":"https:\/\/www.enlanet.com\/portal\/index.php\/wp-json\/wp\/v2\/pages"}],"about":[{"href":"https:\/\/www.enlanet.com\/portal\/index.php\/wp-json\/wp\/v2\/types\/page"}],"author":[{"embeddable":true,"href":"https:\/\/www.enlanet.com\/portal\/index.php\/wp-json\/wp\/v2\/users\/1"}],"replies":[{"embeddable":true,"href":"https:\/\/www.enlanet.com\/portal\/index.php\/wp-json\/wp\/v2\/comments?post=344"}],"version-history":[{"count":19,"href":"https:\/\/www.enlanet.com\/portal\/index.php\/wp-json\/wp\/v2\/pages\/344\/revisions"}],"predecessor-version":[{"id":397,"href":"https:\/\/www.enlanet.com\/portal\/index.php\/wp-json\/wp\/v2\/pages\/344\/revisions\/397"}],"wp:attachment":[{"href":"https:\/\/www.enlanet.com\/portal\/index.php\/wp-json\/wp\/v2\/media?parent=344"}],"wp:term":[{"taxonomy":"category","embeddable":true,"href":"https:\/\/www.enlanet.com\/portal\/index.php\/wp-json\/wp\/v2\/categories?post=344"},{"taxonomy":"post_tag","embeddable":true,"href":"https:\/\/www.enlanet.com\/portal\/index.php\/wp-json\/wp\/v2\/tags?post=344"}],"curies":[{"name":"wp","href":"https:\/\/api.w.org\/{rel}","templated":true}]}}